{"id":21,"date":"2026-06-18T13:00:54","date_gmt":"2026-06-18T11:00:54","guid":{"rendered":"https:\/\/osensspirituel.com\/boutique-tours-37\/?page_id=21"},"modified":"2026-06-23T14:47:45","modified_gmt":"2026-06-23T12:47:45","slug":"mentions-legales","status":"publish","type":"page","link":"https:\/\/osensspirituel.com\/boutique-tours-37\/mentions-legales\/","title":{"rendered":"Mentions l\u00e9gales"},"content":{"rendered":"\t\t<div data-elementor-type=\"wp-page\" data-elementor-id=\"21\" class=\"elementor elementor-21\">\n\t\t\t\t\t\t<section class=\"elementor-section elementor-top-section elementor-element elementor-element-4cda9e7 elementor-section-full_width elementor-section-height-default elementor-section-height-default\" data-id=\"4cda9e7\" data-element_type=\"section\" data-e-type=\"section\" data-settings=\"{&quot;background_background&quot;:&quot;classic&quot;}\">\n\t\t\t\t\t\t\t<div class=\"elementor-background-overlay\"><\/div>\n\t\t\t\t\t\t\t<div class=\"elementor-container elementor-column-gap-default\">\n\t\t\t\t\t<div class=\"elementor-column elementor-col-100 elementor-top-column elementor-element elementor-element-626f5b3\" data-id=\"626f5b3\" data-element_type=\"column\" data-e-type=\"column\">\n\t\t\t<div class=\"elementor-widget-wrap elementor-element-populated\">\n\t\t\t\t\t\t<div class=\"elementor-element elementor-element-503d43d elementor-widget__width-auto elementor-absolute elementor-widget elementor-widget-image\" data-id=\"503d43d\" data-element_type=\"widget\" data-e-type=\"widget\" data-settings=\"{&quot;_position&quot;:&quot;absolute&quot;}\" data-widget_type=\"image.default\">\n\t\t\t\t<div class=\"elementor-widget-container\">\n\t\t\t\t\t\t\t\t\t\t\t\t\t\t\t<img fetchpriority=\"high\" decoding=\"async\" width=\"428\" height=\"587\" src=\"https:\/\/osensspirituel.com\/boutique-tours-37\/wp-content\/uploads\/sites\/3\/2026\/06\/vague-corner-bottom-right.png\" class=\"attachment-full size-full wp-image-201\" alt=\"\" srcset=\"https:\/\/osensspirituel.com\/boutique-tours-37\/wp-content\/uploads\/sites\/3\/2026\/06\/vague-corner-bottom-right.png 428w, https:\/\/osensspirituel.com\/boutique-tours-37\/wp-content\/uploads\/sites\/3\/2026\/06\/vague-corner-bottom-right-219x300.png 219w\" sizes=\"(max-width: 428px) 100vw, 428px\" \/>\t\t\t\t\t\t\t\t\t\t\t\t\t\t\t<\/div>\n\t\t\t\t<\/div>\n\t\t\t\t<div class=\"elementor-element elementor-element-75fcd6d elementor-widget elementor-widget-image\" data-id=\"75fcd6d\" data-element_type=\"widget\" data-e-type=\"widget\" data-widget_type=\"image.default\">\n\t\t\t\t<div class=\"elementor-widget-container\">\n\t\t\t\t\t\t\t\t\t\t\t\t\t\t\t<img decoding=\"async\" width=\"392\" height=\"352\" src=\"https:\/\/osensspirituel.com\/boutique-tours-37\/wp-content\/uploads\/sites\/3\/2026\/06\/symbole-religion-chretienne.png\" class=\"attachment-large size-large wp-image-152\" alt=\"\" srcset=\"https:\/\/osensspirituel.com\/boutique-tours-37\/wp-content\/uploads\/sites\/3\/2026\/06\/symbole-religion-chretienne.png 392w, https:\/\/osensspirituel.com\/boutique-tours-37\/wp-content\/uploads\/sites\/3\/2026\/06\/symbole-religion-chretienne-300x269.png 300w\" sizes=\"(max-width: 392px) 100vw, 392px\" \/>\t\t\t\t\t\t\t\t\t\t\t\t\t\t\t<\/div>\n\t\t\t\t<\/div>\n\t\t\t\t<div class=\"elementor-element elementor-element-fee6ef3 elementor-widget-tablet__width-initial elementor-widget-mobile__width-initial elementor-widget elementor-widget-heading\" data-id=\"fee6ef3\" data-element_type=\"widget\" data-e-type=\"widget\" data-widget_type=\"heading.default\">\n\t\t\t\t<div class=\"elementor-widget-container\">\n\t\t\t\t\t<h1 class=\"elementor-heading-title elementor-size-default\">Mentions l\u00e9gales<\/h1>\t\t\t\t<\/div>\n\t\t\t\t<\/div>\n\t\t\t\t<div class=\"elementor-element elementor-element-3601633 elementor-widget__width-inherit elementor-absolute elementor-widget-divider--view-line elementor-widget elementor-widget-divider\" data-id=\"3601633\" data-element_type=\"widget\" data-e-type=\"widget\" data-settings=\"{&quot;_position&quot;:&quot;absolute&quot;}\" data-widget_type=\"divider.default\">\n\t\t\t\t<div class=\"elementor-widget-container\">\n\t\t\t\t\t\t\t<div class=\"elementor-divider\">\n\t\t\t<span class=\"elementor-divider-separator\">\n\t\t\t\t\t\t<\/span>\n\t\t<\/div>\n\t\t\t\t\t\t<\/div>\n\t\t\t\t<\/div>\n\t\t\t\t\t<\/div>\n\t\t<\/div>\n\t\t\t\t\t<\/div>\n\t\t<\/section>\n\t\t\t\t<section class=\"elementor-section elementor-top-section elementor-element elementor-element-1c4c9f8a elementor-section-boxed elementor-section-height-default elementor-section-height-default\" data-id=\"1c4c9f8a\" data-element_type=\"section\" data-e-type=\"section\">\n\t\t\t\t\t\t<div class=\"elementor-container elementor-column-gap-default\">\n\t\t\t\t\t<div class=\"elementor-column elementor-col-100 elementor-top-column elementor-element elementor-element-3c8b1886\" data-id=\"3c8b1886\" data-element_type=\"column\" data-e-type=\"column\">\n\t\t\t<div class=\"elementor-widget-wrap elementor-element-populated\">\n\t\t\t\t\t\t<div class=\"elementor-element elementor-element-3f4c96f1 legal-txt elementor-widget elementor-widget-text-editor\" data-id=\"3f4c96f1\" data-element_type=\"widget\" data-e-type=\"widget\" data-widget_type=\"text-editor.default\">\n\t\t\t\t<div class=\"elementor-widget-container\">\n\t\t\t\t\t\t\t\t\t<h2>\u00c9diteur du site<\/h2>\n<p>Le pr\u00e9sent site est \u00e9dit\u00e9 par WT SAS, soci\u00e9t\u00e9 par actions simplifi\u00e9e (SAS) au capital social de 203 581,00 \u20ac.<\/p>\n<p><strong>D\u00e9nomination sociale :<\/strong> WT SAS\u00a0<br \/><strong>Si\u00e8ge social :<\/strong> 72 avenue de Fontainebleau &#8211; 77310 Saint-Fargeau-Ponthierry, France\u00a0<br \/><strong>RCS Melun :<\/strong> 831 500 434\u00a0<br \/><strong>Num\u00e9ro de TVA intracommunautaire :<\/strong> FR38831500434\u00a0<br \/><strong>Adresse \u00e9lectronique :<\/strong> wt_sas@orange.fr\u00a0<br \/><strong>Directeur de la publication :<\/strong> Pascal FOURCADE\u00a0<\/p>\n<h2>Conception, D\u00e9veloppement, H\u00e9bergement<\/h2>\n<p>Le site est h\u00e9berg\u00e9 par IDEO POINT COM, 5 all\u00e9e du Commandant Mouchotte 37100\u00a0 Tours, France\u00a0<\/p>\n<p><strong>T\u00e9l\u00e9phone :<\/strong> 02 47 52 24 28\u00a0<br \/><strong>Adresse \u00e9lectronique :<\/strong> contact@ideopoint.com\u00a0<br \/><strong>Site internet :<\/strong> www.ideopoint.com\u00a0<\/p>\n<h2>Propri\u00e9t\u00e9 intellectuelle\u00a0<\/h2>\n<p>L&rsquo;ensemble des contenus pr\u00e9sents sur ce site, incluant notamment les textes, images, graphismes, logos, ic\u00f4nes, vid\u00e9os, sons, logiciels et bases de donn\u00e9es, est prot\u00e9g\u00e9 par les dispositions du Code de la propri\u00e9t\u00e9 intellectuelle.\u00a0<\/p>\n<p>Toute reproduction, repr\u00e9sentation, modification, publication, adaptation ou exploitation, totale ou partielle, de ces \u00e9l\u00e9ments, quel que soit le moyen ou le proc\u00e9d\u00e9 utilis\u00e9, est interdite sans l&rsquo;autorisation \u00e9crite pr\u00e9alable de WT SAS.\u00a0<\/p>\n<h2>Responsabilit\u00e9\u00a0<\/h2>\n<p>WT SAS met tout en \u0153uvre pour assurer l&rsquo;exactitude et la mise \u00e0 jour des informations diffus\u00e9es sur ce site. Toutefois, WT SAS ne saurait garantir l&rsquo;exactitude, la pr\u00e9cision ou l&rsquo;exhaustivit\u00e9 des informations mises \u00e0 disposition.\u00a0<\/p>\n<p>L&rsquo;utilisateur reconna\u00eet utiliser les informations disponibles sur le site sous sa seule responsabilit\u00e9.<\/p>\n<p>WT SAS ne pourra \u00eatre tenue responsable des dommages directs ou indirects r\u00e9sultant de l&rsquo;utilisation du site ou de l&rsquo;impossibilit\u00e9 d&rsquo;y acc\u00e9der.\u00a0<\/p>\n<h2>Protection des donn\u00e9es personnelles\u00a0<\/h2>\n<p>Les donn\u00e9es personnelles collect\u00e9es via les formulaires du site sont destin\u00e9es\u00a0 exclusivement \u00e0 WT SAS dans le cadre du traitement des demandes formul\u00e9es par les utilisateurs.\u00a0<\/p>\n<p>Conform\u00e9ment au R\u00e8glement G\u00e9n\u00e9ral sur la Protection des Donn\u00e9es (RGPD) et \u00e0 la loi Informatique et Libert\u00e9s, chaque utilisateur dispose d&rsquo;un droit d&rsquo;acc\u00e8s, de rectification, d&rsquo;effacement, de limitation, d&rsquo;opposition et de portabilit\u00e9 de ses donn\u00e9es personnelles.\u00a0<\/p>\n<p>Pour toute demande relative \u00e0 vos donn\u00e9es personnelles, vous pouvez contacter : wt_sas@orange.fr\u00a0<\/p>\n<h2>Cookies\u00a0<\/h2>\n<p>Le site peut utiliser des cookies n\u00e9cessaires \u00e0 son bon fonctionnement ainsi que, le cas\u00a0 \u00e9ch\u00e9ant, des cookies de mesure d&rsquo;audience ou de services tiers.\u00a0<\/p>\n<p>Lors de sa premi\u00e8re visite, l&rsquo;utilisateur est inform\u00e9 de l&rsquo;utilisation de ces cookies et peut\u00a0 g\u00e9rer ses pr\u00e9f\u00e9rences via le bandeau de consentement mis \u00e0 sa disposition.\u00a0<\/p>\n<h2>Liens hypertextes\u00a0<\/h2>\n<p>Le site peut contenir des liens vers des sites tiers. WT SAS ne saurait \u00eatre tenue\u00a0 responsable du contenu de ces sites externes ni de leur politique de confidentialit\u00e9.\u00a0<\/p>\n<h2>Droit applicable\u00a0<\/h2>\n<p>Les pr\u00e9sentes mentions l\u00e9gales sont r\u00e9gies par le droit fran\u00e7ais.\u00a0<\/p>\n<p>Tout litige relatif \u00e0 l&rsquo;utilisation du site est soumis \u00e0 la comp\u00e9tence exclusive des\u00a0 juridictions fran\u00e7aises comp\u00e9tentes.<\/p>\t\t\t\t\t\t\t\t<\/div>\n\t\t\t\t<\/div>\n\t\t\t\t\t<\/div>\n\t\t<\/div>\n\t\t\t\t\t<\/div>\n\t\t<\/section>\n\t\t\t\t<\/div>\n\t\t","protected":false},"excerpt":{"rendered":"<p>Mentions l\u00e9gales \u00c9diteur du site Le pr\u00e9sent site est \u00e9dit\u00e9 par WT SAS, soci\u00e9t\u00e9 par actions simplifi\u00e9e (SAS) au capital social de 203 581,00 \u20ac. D\u00e9nomination sociale : WT SAS\u00a0Si\u00e8ge social : 72 avenue de Fontainebleau &#8211; 77310 Saint-Fargeau-Ponthierry, France\u00a0RCS Melun : 831 500 434\u00a0Num\u00e9ro de TVA intracommunautaire : FR38831500434\u00a0Adresse \u00e9lectronique : wt_sas@orange.fr\u00a0Directeur de la [&hellip;]<\/p>\n","protected":false},"author":1,"featured_media":0,"parent":0,"menu_order":0,"comment_status":"closed","ping_status":"open","template":"","meta":{"footnotes":""},"class_list":["post-21","page","type-page","status-publish","hentry"],"_links":{"self":[{"href":"https:\/\/osensspirituel.com\/boutique-tours-37\/wp-json\/wp\/v2\/pages\/21","targetHints":{"allow":["GET"]}}],"collection":[{"href":"https:\/\/osensspirituel.com\/boutique-tours-37\/wp-json\/wp\/v2\/pages"}],"about":[{"href":"https:\/\/osensspirituel.com\/boutique-tours-37\/wp-json\/wp\/v2\/types\/page"}],"author":[{"embeddable":true,"href":"https:\/\/osensspirituel.com\/boutique-tours-37\/wp-json\/wp\/v2\/users\/1"}],"replies":[{"embeddable":true,"href":"https:\/\/osensspirituel.com\/boutique-tours-37\/wp-json\/wp\/v2\/comments?post=21"}],"version-history":[{"count":11,"href":"https:\/\/osensspirituel.com\/boutique-tours-37\/wp-json\/wp\/v2\/pages\/21\/revisions"}],"predecessor-version":[{"id":1238,"href":"https:\/\/osensspirituel.com\/boutique-tours-37\/wp-json\/wp\/v2\/pages\/21\/revisions\/1238"}],"wp:attachment":[{"href":"https:\/\/osensspirituel.com\/boutique-tours-37\/wp-json\/wp\/v2\/media?parent=21"}],"curies":[{"name":"wp","href":"https:\/\/api.w.org\/{rel}","templated":true}]}}